{"id":75,"date":"2016-07-29T16:24:42","date_gmt":"2016-07-29T16:24:42","guid":{"rendered":"http:\/\/www.amicsdelcamell.cat\/?page_id=75"},"modified":"2025-02-22T17:40:35","modified_gmt":"2025-02-22T17:40:35","slug":"matines","status":"publish","type":"page","link":"http:\/\/www.amicsdelcamell.cat\/inici\/correcuites\/matines\/","title":{"rendered":"Matines"},"content":{"rendered":"\n<p>Les matines marquen l\u2019inici de la diada de <strong><span style=\"color:#ff8000\" class=\"has-inline-color\">Sant Miquel<\/span><\/strong>, patr\u00f3 de la Vila, la matinada del <strong><span style=\"color:#ff8000\" class=\"has-inline-color\">29 de setembre<\/span><\/strong>. A les 6 del mat\u00ed, la pla\u00e7a de la Vila s\u2019omple de foc, corredisses, fum i soroll, donant el tret de sortida a un dia ple de tradici\u00f3 i festa.<\/p>\n\n\n\n<figure class=\"wp-block-embed is-type-video is-provider-youtube wp-block-embed-youtube wp-embed-aspect-16-9 wp-has-aspect-ratio\"><div class=\"wp-block-embed__wrapper\">\n<iframe loading=\"lazy\" title=\"Matines del Camell FM 2023\" width=\"840\" height=\"473\" src=\"https:\/\/www.youtube.com\/embed\/_WE-nbU7FJE?feature=oembed\" frameborder=\"0\" allow=\"accelerometer; autoplay; clipboard-write; encrypted-media; gyroscope; picture-in-picture; web-share\" referrerpolicy=\"strict-origin-when-cross-origin\" allowfullscreen><\/iframe>\n<\/div><figcaption>Matines del Camell Sant Miquel 2023 \u00b7 V\u00eddeo Pol Sed\u00f3<\/figcaption><\/figure>\n\n\n\n<p>Abans que comencin les matines, els Timbalers del Camell recorren els carrers del centre per despertar el poble i anunciar que la B\u00e8stia est\u00e0 a punt de sortir. Aquest recorregut, conegut com a <strong>Pre-Matines<\/strong>, arrenca a la pla\u00e7a de la Llibertat al voltant de les 5 de la matinada i culmina a la pla\u00e7a de la Vila amb l\u2019aparici\u00f3 del Camell i els seus Diables.<\/p>\n\n\n\n<figure class=\"wp-block-embed is-type-video is-provider-youtube wp-block-embed-youtube wp-embed-aspect-16-9 wp-has-aspect-ratio\"><div class=\"wp-block-embed__wrapper\">\n<iframe loading=\"lazy\" title=\"Matines del Camell \u00b7 Festa Major 2022 \u00b7 2\/2\" width=\"840\" height=\"473\" src=\"https:\/\/www.youtube.com\/embed\/BLM-jcZX9TM?feature=oembed\" frameborder=\"0\" allow=\"accelerometer; autoplay; clipboard-write; encrypted-media; gyroscope; picture-in-picture; web-share\" referrerpolicy=\"strict-origin-when-cross-origin\" allowfullscreen><\/iframe>\n<\/div><figcaption>Matines del Camell Sant Miquel 2022 2\/2 \u00b7 V\u00eddeo Pol Sed\u00f3<\/figcaption><\/figure>\n\n\n\n<figure class=\"wp-block-gallery columns-3 is-cropped\"><ul class=\"blocks-gallery-grid\"><li class=\"blocks-gallery-item\"><figure><img loading=\"lazy\" width=\"1024\" height=\"683\" src=\"http:\/\/www.amicsdelcamell.cat\/wp-content\/uploads\/2021\/11\/MATINES-06-Jordi-Costa-130-1024x683.jpg\" alt=\"\" data-id=\"607\" data-link=\"http:\/\/www.amicsdelcamell.cat\/correcuites\/matines\/matines-06-jordi-costa-130\/\" class=\"wp-image-607\" srcset=\"http:\/\/www.amicsdelcamell.cat\/wp-content\/uploads\/2021\/11\/MATINES-06-Jordi-Costa-130-1024x683.jpg 1024w, http:\/\/www.amicsdelcamell.cat\/wp-content\/uploads\/2021\/11\/MATINES-06-Jordi-Costa-130-300x200.jpg 300w, http:\/\/www.amicsdelcamell.cat\/wp-content\/uploads\/2021\/11\/MATINES-06-Jordi-Costa-130-768x512.jpg 768w, http:\/\/www.amicsdelcamell.cat\/wp-content\/uploads\/2021\/11\/MATINES-06-Jordi-Costa-130-1536x1024.jpg 1536w, http:\/\/www.amicsdelcamell.cat\/wp-content\/uploads\/2021\/11\/MATINES-06-Jordi-Costa-130-2048x1365.jpg 2048w, http:\/\/www.amicsdelcamell.cat\/wp-content\/uploads\/2021\/11\/MATINES-06-Jordi-Costa-130-1200x800.jpg 1200w\" sizes=\"(max-width: 709px) 85vw, (max-width: 909px) 67vw, (max-width: 1362px) 62vw, 840px\" \/><\/figure><\/li><li class=\"blocks-gallery-item\"><figure><img loading=\"lazy\" width=\"1024\" height=\"683\" src=\"http:\/\/www.amicsdelcamell.cat\/wp-content\/uploads\/2021\/11\/MATINES-06-Jordi-Costa-131-1024x683.jpg\" alt=\"\" data-id=\"608\" data-link=\"http:\/\/www.amicsdelcamell.cat\/correcuites\/matines\/matines-06-jordi-costa-131\/\" class=\"wp-image-608\" srcset=\"http:\/\/www.amicsdelcamell.cat\/wp-content\/uploads\/2021\/11\/MATINES-06-Jordi-Costa-131-1024x683.jpg 1024w, http:\/\/www.amicsdelcamell.cat\/wp-content\/uploads\/2021\/11\/MATINES-06-Jordi-Costa-131-300x200.jpg 300w, http:\/\/www.amicsdelcamell.cat\/wp-content\/uploads\/2021\/11\/MATINES-06-Jordi-Costa-131-768x512.jpg 768w, http:\/\/www.amicsdelcamell.cat\/wp-content\/uploads\/2021\/11\/MATINES-06-Jordi-Costa-131-1536x1024.jpg 1536w, http:\/\/www.amicsdelcamell.cat\/wp-content\/uploads\/2021\/11\/MATINES-06-Jordi-Costa-131-2048x1365.jpg 2048w, http:\/\/www.amicsdelcamell.cat\/wp-content\/uploads\/2021\/11\/MATINES-06-Jordi-Costa-131-1200x800.jpg 1200w\" sizes=\"(max-width: 709px) 85vw, (max-width: 909px) 67vw, (max-width: 1362px) 62vw, 840px\" \/><\/figure><\/li><li class=\"blocks-gallery-item\"><figure><img loading=\"lazy\" width=\"1024\" height=\"682\" src=\"http:\/\/www.amicsdelcamell.cat\/wp-content\/uploads\/2021\/11\/HectorHernandez_Matines2021-14-1024x682.jpg\" alt=\"\" data-id=\"611\" data-link=\"http:\/\/www.amicsdelcamell.cat\/correcuites\/matines\/hectorhernandez_matines2021-14\/\" class=\"wp-image-611\" srcset=\"http:\/\/www.amicsdelcamell.cat\/wp-content\/uploads\/2021\/11\/HectorHernandez_Matines2021-14-1024x682.jpg 1024w, http:\/\/www.amicsdelcamell.cat\/wp-content\/uploads\/2021\/11\/HectorHernandez_Matines2021-14-300x200.jpg 300w, http:\/\/www.amicsdelcamell.cat\/wp-content\/uploads\/2021\/11\/HectorHernandez_Matines2021-14-768x512.jpg 768w, http:\/\/www.amicsdelcamell.cat\/wp-content\/uploads\/2021\/11\/HectorHernandez_Matines2021-14-1536x1024.jpg 1536w, http:\/\/www.amicsdelcamell.cat\/wp-content\/uploads\/2021\/11\/HectorHernandez_Matines2021-14-1200x800.jpg 1200w, http:\/\/www.amicsdelcamell.cat\/wp-content\/uploads\/2021\/11\/HectorHernandez_Matines2021-14.jpg 2000w\" sizes=\"(max-width: 709px) 85vw, (max-width: 909px) 67vw, (max-width: 1362px) 62vw, 840px\" \/><\/figure><\/li><li class=\"blocks-gallery-item\"><figure><img loading=\"lazy\" width=\"1024\" height=\"682\" src=\"http:\/\/www.amicsdelcamell.cat\/wp-content\/uploads\/2021\/11\/HectorHernandez_Matines2021-24-1-1024x682.jpg\" alt=\"\" data-id=\"612\" data-link=\"http:\/\/www.amicsdelcamell.cat\/correcuites\/matines\/hectorhernandez_matines2021-24-1\/\" class=\"wp-image-612\" srcset=\"http:\/\/www.amicsdelcamell.cat\/wp-content\/uploads\/2021\/11\/HectorHernandez_Matines2021-24-1-1024x682.jpg 1024w, http:\/\/www.amicsdelcamell.cat\/wp-content\/uploads\/2021\/11\/HectorHernandez_Matines2021-24-1-300x200.jpg 300w, http:\/\/www.amicsdelcamell.cat\/wp-content\/uploads\/2021\/11\/HectorHernandez_Matines2021-24-1-768x512.jpg 768w, http:\/\/www.amicsdelcamell.cat\/wp-content\/uploads\/2021\/11\/HectorHernandez_Matines2021-24-1-1536x1024.jpg 1536w, http:\/\/www.amicsdelcamell.cat\/wp-content\/uploads\/2021\/11\/HectorHernandez_Matines2021-24-1-1200x800.jpg 1200w, http:\/\/www.amicsdelcamell.cat\/wp-content\/uploads\/2021\/11\/HectorHernandez_Matines2021-24-1.jpg 2000w\" sizes=\"(max-width: 709px) 85vw, (max-width: 909px) 67vw, (max-width: 1362px) 62vw, 840px\" \/><\/figure><\/li><li class=\"blocks-gallery-item\"><figure><img loading=\"lazy\" width=\"1024\" height=\"683\" src=\"http:\/\/www.amicsdelcamell.cat\/wp-content\/uploads\/2022\/10\/IMG_1920-1024x683.jpg\" alt=\"\" data-id=\"998\" data-link=\"http:\/\/www.amicsdelcamell.cat\/inici\/correcuites\/matines\/img_1920\/\" class=\"wp-image-998\" srcset=\"http:\/\/www.amicsdelcamell.cat\/wp-content\/uploads\/2022\/10\/IMG_1920-1024x683.jpg 1024w, http:\/\/www.amicsdelcamell.cat\/wp-content\/uploads\/2022\/10\/IMG_1920-300x200.jpg 300w, http:\/\/www.amicsdelcamell.cat\/wp-content\/uploads\/2022\/10\/IMG_1920-768x512.jpg 768w, http:\/\/www.amicsdelcamell.cat\/wp-content\/uploads\/2022\/10\/IMG_1920-1536x1024.jpg 1536w, http:\/\/www.amicsdelcamell.cat\/wp-content\/uploads\/2022\/10\/IMG_1920-2048x1365.jpg 2048w, http:\/\/www.amicsdelcamell.cat\/wp-content\/uploads\/2022\/10\/IMG_1920-1200x800.jpg 1200w\" sizes=\"(max-width: 709px) 85vw, (max-width: 909px) 67vw, (max-width: 1362px) 62vw, 840px\" \/><\/figure><\/li><li class=\"blocks-gallery-item\"><figure><img loading=\"lazy\" width=\"1024\" height=\"683\" src=\"http:\/\/www.amicsdelcamell.cat\/wp-content\/uploads\/2022\/10\/IMG_2282-1024x683.jpg\" alt=\"\" data-id=\"999\" data-link=\"http:\/\/www.amicsdelcamell.cat\/inici\/correcuites\/matines\/img_2282\/\" class=\"wp-image-999\" srcset=\"http:\/\/www.amicsdelcamell.cat\/wp-content\/uploads\/2022\/10\/IMG_2282-1024x683.jpg 1024w, http:\/\/www.amicsdelcamell.cat\/wp-content\/uploads\/2022\/10\/IMG_2282-300x200.jpg 300w, http:\/\/www.amicsdelcamell.cat\/wp-content\/uploads\/2022\/10\/IMG_2282-768x512.jpg 768w, http:\/\/www.amicsdelcamell.cat\/wp-content\/uploads\/2022\/10\/IMG_2282-1536x1024.jpg 1536w, http:\/\/www.amicsdelcamell.cat\/wp-content\/uploads\/2022\/10\/IMG_2282-2048x1365.jpg 2048w, http:\/\/www.amicsdelcamell.cat\/wp-content\/uploads\/2022\/10\/IMG_2282-1200x800.jpg 1200w\" sizes=\"(max-width: 709px) 85vw, (max-width: 909px) 67vw, (max-width: 1362px) 62vw, 840px\" \/><\/figure><\/li><li class=\"blocks-gallery-item\"><figure><img loading=\"lazy\" width=\"682\" height=\"1024\" src=\"http:\/\/www.amicsdelcamell.cat\/wp-content\/uploads\/2022\/10\/HectorHrndz-7841-682x1024.jpg\" alt=\"\" data-id=\"1000\" data-full-url=\"http:\/\/www.amicsdelcamell.cat\/wp-content\/uploads\/2022\/10\/HectorHrndz-7841.jpg\" data-link=\"http:\/\/www.amicsdelcamell.cat\/inici\/correcuites\/matines\/hectorhrndz-7841\/\" class=\"wp-image-1000\" srcset=\"http:\/\/www.amicsdelcamell.cat\/wp-content\/uploads\/2022\/10\/HectorHrndz-7841-682x1024.jpg 682w, http:\/\/www.amicsdelcamell.cat\/wp-content\/uploads\/2022\/10\/HectorHrndz-7841-200x300.jpg 200w, http:\/\/www.amicsdelcamell.cat\/wp-content\/uploads\/2022\/10\/HectorHrndz-7841-768x1152.jpg 768w, http:\/\/www.amicsdelcamell.cat\/wp-content\/uploads\/2022\/10\/HectorHrndz-7841-1024x1536.jpg 1024w, http:\/\/www.amicsdelcamell.cat\/wp-content\/uploads\/2022\/10\/HectorHrndz-7841-1200x1800.jpg 1200w, http:\/\/www.amicsdelcamell.cat\/wp-content\/uploads\/2022\/10\/HectorHrndz-7841.jpg 1333w\" sizes=\"(max-width: 682px) 85vw, 682px\" \/><\/figure><\/li><li class=\"blocks-gallery-item\"><figure><img loading=\"lazy\" width=\"1024\" height=\"682\" src=\"http:\/\/www.amicsdelcamell.cat\/wp-content\/uploads\/2022\/10\/HectorHrndz-7919-1024x682.jpg\" alt=\"\" data-id=\"1001\" data-full-url=\"http:\/\/www.amicsdelcamell.cat\/wp-content\/uploads\/2022\/10\/HectorHrndz-7919.jpg\" data-link=\"http:\/\/www.amicsdelcamell.cat\/inici\/correcuites\/matines\/hectorhrndz-7919\/\" class=\"wp-image-1001\" srcset=\"http:\/\/www.amicsdelcamell.cat\/wp-content\/uploads\/2022\/10\/HectorHrndz-7919-1024x682.jpg 1024w, http:\/\/www.amicsdelcamell.cat\/wp-content\/uploads\/2022\/10\/HectorHrndz-7919-300x200.jpg 300w, http:\/\/www.amicsdelcamell.cat\/wp-content\/uploads\/2022\/10\/HectorHrndz-7919-768x512.jpg 768w, http:\/\/www.amicsdelcamell.cat\/wp-content\/uploads\/2022\/10\/HectorHrndz-7919-1536x1024.jpg 1536w, http:\/\/www.amicsdelcamell.cat\/wp-content\/uploads\/2022\/10\/HectorHrndz-7919-1200x800.jpg 1200w, http:\/\/www.amicsdelcamell.cat\/wp-content\/uploads\/2022\/10\/HectorHrndz-7919.jpg 2000w\" sizes=\"(max-width: 709px) 85vw, (max-width: 909px) 67vw, (max-width: 1362px) 62vw, 840px\" \/><\/figure><\/li><\/ul><figcaption class=\"blocks-gallery-caption\">Matines del Camell &#8211; Imatges Jordi Costa, H\u00e9ctor Hern\u00e1ndez i Oriol Solsona<\/figcaption><\/figure>\n\n\n\n<hr class=\"wp-block-separator\"\/>\n\n\n\n<p>El <a href=\"https:\/\/www.google.com\/maps\/d\/u\/1\/edit?mid=17MBQoH7H5m57W3CUi1QSJsrz4n8&amp;usp=sharing\" data-type=\"URL\" data-id=\"https:\/\/www.google.com\/maps\/d\/u\/1\/edit?mid=17MBQoH7H5m57W3CUi1QSJsrz4n8&amp;usp=sharing\" target=\"_blank\" rel=\"noreferrer noopener\">recorregut de matines<\/a> habitual \u00e9s el seg\u00fcent:<\/p>\n\n\n\n<div class=\"wp-block-image\"><figure class=\"aligncenter size-large\"><img loading=\"lazy\" width=\"1024\" height=\"576\" src=\"http:\/\/www.amicsdelcamell.cat\/wp-content\/uploads\/2024\/08\/RecorregutCORRECUITA-1024x576.png\" alt=\"\" class=\"wp-image-1245\" srcset=\"http:\/\/www.amicsdelcamell.cat\/wp-content\/uploads\/2024\/08\/RecorregutCORRECUITA-1024x576.png 1024w, http:\/\/www.amicsdelcamell.cat\/wp-content\/uploads\/2024\/08\/RecorregutCORRECUITA-300x169.png 300w, http:\/\/www.amicsdelcamell.cat\/wp-content\/uploads\/2024\/08\/RecorregutCORRECUITA-768x432.png 768w, http:\/\/www.amicsdelcamell.cat\/wp-content\/uploads\/2024\/08\/RecorregutCORRECUITA-1536x864.png 1536w, http:\/\/www.amicsdelcamell.cat\/wp-content\/uploads\/2024\/08\/RecorregutCORRECUITA-1200x675.png 1200w, http:\/\/www.amicsdelcamell.cat\/wp-content\/uploads\/2024\/08\/RecorregutCORRECUITA.png 1920w\" sizes=\"(max-width: 709px) 85vw, (max-width: 909px) 67vw, (max-width: 1362px) 62vw, 840px\" \/><\/figure><\/div>\n\n\n\n<div class=\"narjcurs\">Aquest recorregut no \u00e9s en cap cas el definitiu, pot veure\u2019s sotm\u00e8s a canvis per diversos motius. En aquest cas, les modificacions s\u2019anunciaran a trav\u00e9s de les xarxes socials de l\u2019entitat i a l\u2019apartat de not\u00edcies d\u2019aquesta mateixa p\u00e0gina web.<\/div>\n\n\n\n<div class=\"wp-block-buttons is-content-justification-center\">\n<div class=\"wp-block-button\"><a class=\"wp-block-button__link has-background\" href=\"http:\/\/www.amicsdelcamell.cat\/normativa\/\" style=\"background-color:#ff8000\" target=\"_blank\" rel=\"noreferrer noopener\">normativa de seguretat<\/a><\/div>\n<\/div>\n\n\n\n<div style=\"clear: both; width: 100%; height: 20px;\">&nbsp;<\/div>\n\n\n\n<div class=\"wp-block-image\"><figure class=\"aligncenter\"><img loading=\"lazy\" width=\"1320\" height=\"53\" src=\"http:\/\/www.amicsdelcamell.cat\/wp-content\/uploads\/2016\/07\/traca2.png\" alt=\"traca2\" class=\"wp-image-307\" srcset=\"http:\/\/www.amicsdelcamell.cat\/wp-content\/uploads\/2016\/07\/traca2.png 1320w, http:\/\/www.amicsdelcamell.cat\/wp-content\/uploads\/2016\/07\/traca2-300x12.png 300w, http:\/\/www.amicsdelcamell.cat\/wp-content\/uploads\/2016\/07\/traca2-768x31.png 768w, http:\/\/www.amicsdelcamell.cat\/wp-content\/uploads\/2016\/07\/traca2-1024x41.png 1024w, http:\/\/www.amicsdelcamell.cat\/wp-content\/uploads\/2016\/07\/traca2-1200x48.png 1200w\" sizes=\"(max-width: 709px) 85vw, (max-width: 909px) 67vw, (max-width: 1362px) 62vw, 840px\" \/><\/figure><\/div>\n","protected":false},"excerpt":{"rendered":"<p>Les matines marquen l\u2019inici de la diada de Sant Miquel, patr\u00f3 de la Vila, la matinada del 29 de setembre. A les 6 del mat\u00ed, la pla\u00e7a de la Vila s\u2019omple de foc, corredisses, fum i soroll, donant el tret de sortida a un dia ple de tradici\u00f3 i festa. Abans que comencin les matines, &hellip; <a href=\"http:\/\/www.amicsdelcamell.cat\/inici\/correcuites\/matines\/\" class=\"more-link\">Continua llegint <span class=\"screen-reader-text\">\u00abMatines\u00bb<\/span><\/a><\/p>\n","protected":false},"author":1,"featured_media":0,"parent":18,"menu_order":2,"comment_status":"closed","ping_status":"closed","template":"","meta":[],"_links":{"self":[{"href":"http:\/\/www.amicsdelcamell.cat\/inici\/wp-json\/wp\/v2\/pages\/75"}],"collection":[{"href":"http:\/\/www.amicsdelcamell.cat\/inici\/wp-json\/wp\/v2\/pages"}],"about":[{"href":"http:\/\/www.amicsdelcamell.cat\/inici\/wp-json\/wp\/v2\/types\/page"}],"author":[{"embeddable":true,"href":"http:\/\/www.amicsdelcamell.cat\/inici\/wp-json\/wp\/v2\/users\/1"}],"replies":[{"embeddable":true,"href":"http:\/\/www.amicsdelcamell.cat\/inici\/wp-json\/wp\/v2\/comments?post=75"}],"version-history":[{"count":25,"href":"http:\/\/www.amicsdelcamell.cat\/inici\/wp-json\/wp\/v2\/pages\/75\/revisions"}],"predecessor-version":[{"id":1380,"href":"http:\/\/www.amicsdelcamell.cat\/inici\/wp-json\/wp\/v2\/pages\/75\/revisions\/1380"}],"up":[{"embeddable":true,"href":"http:\/\/www.amicsdelcamell.cat\/inici\/wp-json\/wp\/v2\/pages\/18"}],"wp:attachment":[{"href":"http:\/\/www.amicsdelcamell.cat\/inici\/wp-json\/wp\/v2\/media?parent=75"}],"curies":[{"name":"wp","href":"https:\/\/api.w.org\/{rel}","templated":true}]}}