{"id":72,"date":"2016-07-29T16:17:31","date_gmt":"2016-07-29T16:17:31","guid":{"rendered":"http:\/\/www.amicsdelcamell.cat\/?page_id=72"},"modified":"2024-03-31T15:16:57","modified_gmt":"2024-03-31T15:16:57","slug":"fira-de-la-candelera","status":"publish","type":"page","link":"http:\/\/www.amicsdelcamell.cat\/inici\/actes\/fira-de-la-candelera\/","title":{"rendered":"Fira de la Candelera"},"content":{"rendered":"\n<p><style>\n.narjcurs{<br \/>\ncolor:#f26d34;<br \/>\nfont-style:italic;<br \/>\n}<br \/>\n<\/style><\/p>\n\n\n\n<p>Durant tota la Fira de la Candelera, que se celebra cada any a Molins de Rei el primer cap de setmana de febrer, el Camell i els seus Amics munten una parada per tal que tot el poble en pugui gaudir.<\/p>\n\n\n\n<div class=\"wp-block-image\"><figure class=\"aligncenter\"><img loading=\"lazy\" width=\"840\" height=\"553\" src=\"http:\/\/www.amicsdelcamell.cat\/wp-content\/uploads\/2016\/07\/FIRA-16-Gal\u00b7la-Ripoll-15.jpg\" alt=\"FIRA-'16---Gal\u00b7la-Ripoll-(15)\" class=\"wp-image-270\" srcset=\"http:\/\/www.amicsdelcamell.cat\/wp-content\/uploads\/2016\/07\/FIRA-16-Gal\u00b7la-Ripoll-15.jpg 840w, http:\/\/www.amicsdelcamell.cat\/wp-content\/uploads\/2016\/07\/FIRA-16-Gal\u00b7la-Ripoll-15-300x198.jpg 300w, http:\/\/www.amicsdelcamell.cat\/wp-content\/uploads\/2016\/07\/FIRA-16-Gal\u00b7la-Ripoll-15-768x506.jpg 768w\" sizes=\"(max-width: 709px) 85vw, (max-width: 909px) 67vw, (max-width: 1362px) 62vw, 840px\" \/><\/figure><\/div>\n\n\n\n<figure class=\"wp-block-gallery columns-3 is-cropped\"><ul class=\"blocks-gallery-grid\"><li class=\"blocks-gallery-item\"><figure><img loading=\"lazy\" width=\"1024\" height=\"768\" src=\"http:\/\/www.amicsdelcamell.cat\/wp-content\/uploads\/2021\/11\/CIMG0568-1024x768.jpg\" alt=\"\" data-id=\"581\" data-link=\"http:\/\/www.amicsdelcamell.cat\/activitats\/fira-de-la-candelera\/cimg0568\/\" class=\"wp-image-581\" srcset=\"http:\/\/www.amicsdelcamell.cat\/wp-content\/uploads\/2021\/11\/CIMG0568-1024x768.jpg 1024w, http:\/\/www.amicsdelcamell.cat\/wp-content\/uploads\/2021\/11\/CIMG0568-300x225.jpg 300w, http:\/\/www.amicsdelcamell.cat\/wp-content\/uploads\/2021\/11\/CIMG0568-768x576.jpg 768w, http:\/\/www.amicsdelcamell.cat\/wp-content\/uploads\/2021\/11\/CIMG0568-1536x1152.jpg 1536w, http:\/\/www.amicsdelcamell.cat\/wp-content\/uploads\/2021\/11\/CIMG0568-1200x900.jpg 1200w, http:\/\/www.amicsdelcamell.cat\/wp-content\/uploads\/2021\/11\/CIMG0568.jpg 1600w\" sizes=\"(max-width: 709px) 85vw, (max-width: 909px) 67vw, (max-width: 1362px) 62vw, 840px\" \/><\/figure><\/li><li class=\"blocks-gallery-item\"><figure><img loading=\"lazy\" width=\"1024\" height=\"768\" src=\"http:\/\/www.amicsdelcamell.cat\/wp-content\/uploads\/2021\/11\/CIMG0576-1-1024x768.jpg\" alt=\"\" data-id=\"582\" data-link=\"http:\/\/www.amicsdelcamell.cat\/activitats\/fira-de-la-candelera\/cimg0576-1\/\" class=\"wp-image-582\" srcset=\"http:\/\/www.amicsdelcamell.cat\/wp-content\/uploads\/2021\/11\/CIMG0576-1-1024x768.jpg 1024w, http:\/\/www.amicsdelcamell.cat\/wp-content\/uploads\/2021\/11\/CIMG0576-1-300x225.jpg 300w, http:\/\/www.amicsdelcamell.cat\/wp-content\/uploads\/2021\/11\/CIMG0576-1-768x576.jpg 768w, http:\/\/www.amicsdelcamell.cat\/wp-content\/uploads\/2021\/11\/CIMG0576-1-1536x1152.jpg 1536w, http:\/\/www.amicsdelcamell.cat\/wp-content\/uploads\/2021\/11\/CIMG0576-1-1200x900.jpg 1200w, http:\/\/www.amicsdelcamell.cat\/wp-content\/uploads\/2021\/11\/CIMG0576-1.jpg 1600w\" sizes=\"(max-width: 709px) 85vw, (max-width: 909px) 67vw, (max-width: 1362px) 62vw, 840px\" \/><\/figure><\/li><li class=\"blocks-gallery-item\"><figure><img loading=\"lazy\" width=\"1024\" height=\"740\" src=\"http:\/\/www.amicsdelcamell.cat\/wp-content\/uploads\/2021\/11\/9-1-1024x740.jpg\" alt=\"\" data-id=\"583\" data-full-url=\"http:\/\/www.amicsdelcamell.cat\/wp-content\/uploads\/2021\/11\/9-1.jpg\" data-link=\"http:\/\/www.amicsdelcamell.cat\/activitats\/fira-de-la-candelera\/9-1\/\" class=\"wp-image-583\" srcset=\"http:\/\/www.amicsdelcamell.cat\/wp-content\/uploads\/2021\/11\/9-1-1024x740.jpg 1024w, http:\/\/www.amicsdelcamell.cat\/wp-content\/uploads\/2021\/11\/9-1-300x217.jpg 300w, http:\/\/www.amicsdelcamell.cat\/wp-content\/uploads\/2021\/11\/9-1-768x555.jpg 768w, http:\/\/www.amicsdelcamell.cat\/wp-content\/uploads\/2021\/11\/9-1.jpg 1051w\" sizes=\"(max-width: 709px) 85vw, (max-width: 909px) 67vw, (max-width: 1362px) 62vw, 840px\" \/><\/figure><\/li><li class=\"blocks-gallery-item\"><figure><img loading=\"lazy\" width=\"1018\" height=\"734\" src=\"http:\/\/www.amicsdelcamell.cat\/wp-content\/uploads\/2021\/11\/10-1.jpg\" alt=\"\" data-id=\"584\" data-full-url=\"http:\/\/www.amicsdelcamell.cat\/wp-content\/uploads\/2021\/11\/10-1.jpg\" data-link=\"http:\/\/www.amicsdelcamell.cat\/activitats\/fira-de-la-candelera\/10-1\/\" class=\"wp-image-584\" srcset=\"http:\/\/www.amicsdelcamell.cat\/wp-content\/uploads\/2021\/11\/10-1.jpg 1018w, http:\/\/www.amicsdelcamell.cat\/wp-content\/uploads\/2021\/11\/10-1-300x216.jpg 300w, http:\/\/www.amicsdelcamell.cat\/wp-content\/uploads\/2021\/11\/10-1-768x554.jpg 768w\" sizes=\"(max-width: 709px) 85vw, (max-width: 909px) 67vw, (max-width: 1362px) 62vw, 840px\" \/><\/figure><\/li><\/ul><figcaption class=\"blocks-gallery-caption\">Camell a la Fira de la Candelera de Molins de Rei &#8211; Imatges d&#8217;arxiu Amics del Camell<\/figcaption><\/figure>\n\n\n\n<div class=\"narjcurs\">La ubicaci\u00f3 de la b\u00e8stia a la Fira varia en funci\u00f3 de l\u2019edici\u00f3, aix\u00ed que \u00e9s recomanable consultar les xarxes socials de l\u2019entitat per saber on podem trobar el Camell a la Fira d\u2019enguany.<\/div>\n\n\n\n<div style=\"clear: both; width: 100%; height: 20px;\">&nbsp;<\/div>\n\n\n\n<div class=\"wp-block-image\"><figure class=\"aligncenter\"><img loading=\"lazy\" width=\"1320\" height=\"53\" src=\"http:\/\/www.amicsdelcamell.cat\/wp-content\/uploads\/2016\/07\/traca2.png\" alt=\"traca2\" class=\"wp-image-307\" srcset=\"http:\/\/www.amicsdelcamell.cat\/wp-content\/uploads\/2016\/07\/traca2.png 1320w, http:\/\/www.amicsdelcamell.cat\/wp-content\/uploads\/2016\/07\/traca2-300x12.png 300w, http:\/\/www.amicsdelcamell.cat\/wp-content\/uploads\/2016\/07\/traca2-768x31.png 768w, http:\/\/www.amicsdelcamell.cat\/wp-content\/uploads\/2016\/07\/traca2-1024x41.png 1024w, http:\/\/www.amicsdelcamell.cat\/wp-content\/uploads\/2016\/07\/traca2-1200x48.png 1200w\" sizes=\"(max-width: 709px) 85vw, (max-width: 909px) 67vw, (max-width: 1362px) 62vw, 840px\" \/><\/figure><\/div>\n","protected":false},"excerpt":{"rendered":"<p>Durant tota la Fira de la Candelera, que se celebra cada any a Molins de Rei el primer cap de setmana de febrer, el Camell i els seus Amics munten una parada per tal que tot el poble en pugui gaudir. La ubicaci\u00f3 de la b\u00e8stia a la Fira varia en funci\u00f3 de l\u2019edici\u00f3, aix\u00ed &hellip; <a href=\"http:\/\/www.amicsdelcamell.cat\/inici\/actes\/fira-de-la-candelera\/\" class=\"more-link\">Continua llegint <span class=\"screen-reader-text\">\u00abFira de la Candelera\u00bb<\/span><\/a><\/p>\n","protected":false},"author":1,"featured_media":0,"parent":16,"menu_order":5,"comment_status":"closed","ping_status":"closed","template":"","meta":[],"_links":{"self":[{"href":"http:\/\/www.amicsdelcamell.cat\/inici\/wp-json\/wp\/v2\/pages\/72"}],"collection":[{"href":"http:\/\/www.amicsdelcamell.cat\/inici\/wp-json\/wp\/v2\/pages"}],"about":[{"href":"http:\/\/www.amicsdelcamell.cat\/inici\/wp-json\/wp\/v2\/types\/page"}],"author":[{"embeddable":true,"href":"http:\/\/www.amicsdelcamell.cat\/inici\/wp-json\/wp\/v2\/users\/1"}],"replies":[{"embeddable":true,"href":"http:\/\/www.amicsdelcamell.cat\/inici\/wp-json\/wp\/v2\/comments?post=72"}],"version-history":[{"count":14,"href":"http:\/\/www.amicsdelcamell.cat\/inici\/wp-json\/wp\/v2\/pages\/72\/revisions"}],"predecessor-version":[{"id":1169,"href":"http:\/\/www.amicsdelcamell.cat\/inici\/wp-json\/wp\/v2\/pages\/72\/revisions\/1169"}],"up":[{"embeddable":true,"href":"http:\/\/www.amicsdelcamell.cat\/inici\/wp-json\/wp\/v2\/pages\/16"}],"wp:attachment":[{"href":"http:\/\/www.amicsdelcamell.cat\/inici\/wp-json\/wp\/v2\/media?parent=72"}],"curies":[{"name":"wp","href":"https:\/\/api.w.org\/{rel}","templated":true}]}}