{"id":66,"date":"2016-07-29T16:14:51","date_gmt":"2016-07-29T16:14:51","guid":{"rendered":"http:\/\/www.amicsdelcamell.cat\/?page_id=66"},"modified":"2025-02-21T16:25:41","modified_gmt":"2025-02-21T16:25:41","slug":"xumet-al-camell","status":"publish","type":"page","link":"http:\/\/www.amicsdelcamell.cat\/inici\/actes\/xumet-al-camell\/","title":{"rendered":"Dona el Xumet al Camell"},"content":{"rendered":"\n<div class=\"wp-block-image\"><figure class=\"alignleft size-large is-resized\"><img loading=\"lazy\" src=\"http:\/\/www.amicsdelcamell.cat\/wp-content\/uploads\/2025\/02\/XUMET3-1024x683.jpg\" alt=\"\" class=\"wp-image-1296\" width=\"348\" height=\"233\" srcset=\"http:\/\/www.amicsdelcamell.cat\/wp-content\/uploads\/2025\/02\/XUMET3-1024x683.jpg 1024w, http:\/\/www.amicsdelcamell.cat\/wp-content\/uploads\/2025\/02\/XUMET3-300x200.jpg 300w, http:\/\/www.amicsdelcamell.cat\/wp-content\/uploads\/2025\/02\/XUMET3-768x512.jpg 768w, http:\/\/www.amicsdelcamell.cat\/wp-content\/uploads\/2025\/02\/XUMET3-1536x1024.jpg 1536w, http:\/\/www.amicsdelcamell.cat\/wp-content\/uploads\/2025\/02\/XUMET3-2048x1365.jpg 2048w, http:\/\/www.amicsdelcamell.cat\/wp-content\/uploads\/2025\/02\/XUMET3-1200x800.jpg 1200w\" sizes=\"(max-width: 348px) 85vw, 348px\" \/><figcaption>El Xumet 2024 \u00b7 Imatge d&#8217;H\u00e9ctor Hern\u00e1ndez<\/figcaption><\/figure><\/div>\n\n\n\n<p>El mateix dissabte de Festa Major al mat\u00ed, el Camell s\u2019acosta a la pla\u00e7a de la Llibertat per rebre tots els nens i nenes de la Vila que ja s\u2019han fet grans i volen deixar-li el xumet per demostrar-ho.<\/p>\n\n\n\n<p>A canvi del xumet, el Camell els regala un petit obsequi i un diploma que certifica aquest gran pas!<\/p>\n\n\n\n<p>A m\u00e9s, els Amics del Camell hi munten una parada amb tota mena de marxandatge de la b\u00e8stia. \u00c9s el moment ideal per aconseguir el barret i el mocador d\u2019\u00faltima hora per al Correcuita del vespre!<\/p>\n\n\n\n<figure class=\"wp-block-gallery columns-3 is-cropped\"><ul class=\"blocks-gallery-grid\"><li class=\"blocks-gallery-item\"><figure><img loading=\"lazy\" width=\"1024\" height=\"682\" src=\"http:\/\/www.amicsdelcamell.cat\/wp-content\/uploads\/2021\/11\/HectorHernandez_Xumet2021-9-1024x682.jpg\" alt=\"\" data-id=\"565\" data-link=\"http:\/\/www.amicsdelcamell.cat\/activitats\/xumet-al-camell\/hectorhernandez_xumet2021-9\/\" class=\"wp-image-565\" srcset=\"http:\/\/www.amicsdelcamell.cat\/wp-content\/uploads\/2021\/11\/HectorHernandez_Xumet2021-9-1024x682.jpg 1024w, http:\/\/www.amicsdelcamell.cat\/wp-content\/uploads\/2021\/11\/HectorHernandez_Xumet2021-9-300x200.jpg 300w, http:\/\/www.amicsdelcamell.cat\/wp-content\/uploads\/2021\/11\/HectorHernandez_Xumet2021-9-768x512.jpg 768w, http:\/\/www.amicsdelcamell.cat\/wp-content\/uploads\/2021\/11\/HectorHernandez_Xumet2021-9-1536x1024.jpg 1536w, http:\/\/www.amicsdelcamell.cat\/wp-content\/uploads\/2021\/11\/HectorHernandez_Xumet2021-9-1200x800.jpg 1200w, http:\/\/www.amicsdelcamell.cat\/wp-content\/uploads\/2021\/11\/HectorHernandez_Xumet2021-9.jpg 2000w\" sizes=\"(max-width: 709px) 85vw, (max-width: 909px) 67vw, (max-width: 1362px) 62vw, 840px\" \/><\/figure><\/li><li class=\"blocks-gallery-item\"><figure><img loading=\"lazy\" width=\"1024\" height=\"682\" src=\"http:\/\/www.amicsdelcamell.cat\/wp-content\/uploads\/2021\/11\/HectorHernandez_Xumet2021-10-1024x682.jpg\" alt=\"\" data-id=\"566\" data-link=\"http:\/\/www.amicsdelcamell.cat\/activitats\/xumet-al-camell\/hectorhernandez_xumet2021-10\/\" class=\"wp-image-566\" srcset=\"http:\/\/www.amicsdelcamell.cat\/wp-content\/uploads\/2021\/11\/HectorHernandez_Xumet2021-10-1024x682.jpg 1024w, http:\/\/www.amicsdelcamell.cat\/wp-content\/uploads\/2021\/11\/HectorHernandez_Xumet2021-10-300x200.jpg 300w, http:\/\/www.amicsdelcamell.cat\/wp-content\/uploads\/2021\/11\/HectorHernandez_Xumet2021-10-768x512.jpg 768w, http:\/\/www.amicsdelcamell.cat\/wp-content\/uploads\/2021\/11\/HectorHernandez_Xumet2021-10-1536x1024.jpg 1536w, http:\/\/www.amicsdelcamell.cat\/wp-content\/uploads\/2021\/11\/HectorHernandez_Xumet2021-10-1200x800.jpg 1200w, http:\/\/www.amicsdelcamell.cat\/wp-content\/uploads\/2021\/11\/HectorHernandez_Xumet2021-10.jpg 2000w\" sizes=\"(max-width: 709px) 85vw, (max-width: 909px) 67vw, (max-width: 1362px) 62vw, 840px\" \/><\/figure><\/li><li class=\"blocks-gallery-item\"><figure><img loading=\"lazy\" width=\"1024\" height=\"682\" src=\"http:\/\/www.amicsdelcamell.cat\/wp-content\/uploads\/2021\/11\/HectorHernandez_Xumet2021-11-1024x682.jpg\" alt=\"\" data-id=\"567\" data-link=\"http:\/\/www.amicsdelcamell.cat\/activitats\/xumet-al-camell\/hectorhernandez_xumet2021-11\/\" class=\"wp-image-567\" srcset=\"http:\/\/www.amicsdelcamell.cat\/wp-content\/uploads\/2021\/11\/HectorHernandez_Xumet2021-11-1024x682.jpg 1024w, http:\/\/www.amicsdelcamell.cat\/wp-content\/uploads\/2021\/11\/HectorHernandez_Xumet2021-11-300x200.jpg 300w, http:\/\/www.amicsdelcamell.cat\/wp-content\/uploads\/2021\/11\/HectorHernandez_Xumet2021-11-768x512.jpg 768w, http:\/\/www.amicsdelcamell.cat\/wp-content\/uploads\/2021\/11\/HectorHernandez_Xumet2021-11-1536x1024.jpg 1536w, http:\/\/www.amicsdelcamell.cat\/wp-content\/uploads\/2021\/11\/HectorHernandez_Xumet2021-11-1200x800.jpg 1200w, http:\/\/www.amicsdelcamell.cat\/wp-content\/uploads\/2021\/11\/HectorHernandez_Xumet2021-11.jpg 2000w\" sizes=\"(max-width: 709px) 85vw, (max-width: 909px) 67vw, (max-width: 1362px) 62vw, 840px\" \/><\/figure><\/li><li class=\"blocks-gallery-item\"><figure><img loading=\"lazy\" width=\"1024\" height=\"683\" src=\"http:\/\/www.amicsdelcamell.cat\/wp-content\/uploads\/2025\/02\/XUMET-1024x683.jpg\" alt=\"\" data-id=\"1298\" data-full-url=\"http:\/\/www.amicsdelcamell.cat\/wp-content\/uploads\/2025\/02\/XUMET.jpg\" data-link=\"http:\/\/www.amicsdelcamell.cat\/inici\/actes\/xumet-al-camell\/xumet-2\/\" class=\"wp-image-1298\" srcset=\"http:\/\/www.amicsdelcamell.cat\/wp-content\/uploads\/2025\/02\/XUMET-1024x683.jpg 1024w, http:\/\/www.amicsdelcamell.cat\/wp-content\/uploads\/2025\/02\/XUMET-300x200.jpg 300w, http:\/\/www.amicsdelcamell.cat\/wp-content\/uploads\/2025\/02\/XUMET-768x512.jpg 768w, http:\/\/www.amicsdelcamell.cat\/wp-content\/uploads\/2025\/02\/XUMET-1536x1024.jpg 1536w, http:\/\/www.amicsdelcamell.cat\/wp-content\/uploads\/2025\/02\/XUMET-2048x1365.jpg 2048w, http:\/\/www.amicsdelcamell.cat\/wp-content\/uploads\/2025\/02\/XUMET-1200x800.jpg 1200w\" sizes=\"(max-width: 709px) 85vw, (max-width: 909px) 67vw, (max-width: 1362px) 62vw, 840px\" \/><\/figure><\/li><li class=\"blocks-gallery-item\"><figure><img loading=\"lazy\" width=\"1024\" height=\"683\" src=\"http:\/\/www.amicsdelcamell.cat\/wp-content\/uploads\/2025\/02\/XUMET2-1024x683.jpg\" alt=\"\" data-id=\"1299\" data-full-url=\"http:\/\/www.amicsdelcamell.cat\/wp-content\/uploads\/2025\/02\/XUMET2.jpg\" data-link=\"http:\/\/www.amicsdelcamell.cat\/inici\/actes\/xumet-al-camell\/xumet2\/\" class=\"wp-image-1299\" srcset=\"http:\/\/www.amicsdelcamell.cat\/wp-content\/uploads\/2025\/02\/XUMET2-1024x683.jpg 1024w, http:\/\/www.amicsdelcamell.cat\/wp-content\/uploads\/2025\/02\/XUMET2-300x200.jpg 300w, http:\/\/www.amicsdelcamell.cat\/wp-content\/uploads\/2025\/02\/XUMET2-768x512.jpg 768w, http:\/\/www.amicsdelcamell.cat\/wp-content\/uploads\/2025\/02\/XUMET2-1536x1024.jpg 1536w, http:\/\/www.amicsdelcamell.cat\/wp-content\/uploads\/2025\/02\/XUMET2-2048x1365.jpg 2048w, http:\/\/www.amicsdelcamell.cat\/wp-content\/uploads\/2025\/02\/XUMET2-1200x800.jpg 1200w\" sizes=\"(max-width: 709px) 85vw, (max-width: 909px) 67vw, (max-width: 1362px) 62vw, 840px\" \/><\/figure><\/li><li class=\"blocks-gallery-item\"><figure><img loading=\"lazy\" width=\"1024\" height=\"683\" src=\"http:\/\/www.amicsdelcamell.cat\/wp-content\/uploads\/2025\/02\/XUMET4-1024x683.jpg\" alt=\"\" data-id=\"1300\" data-full-url=\"http:\/\/www.amicsdelcamell.cat\/wp-content\/uploads\/2025\/02\/XUMET4.jpg\" data-link=\"http:\/\/www.amicsdelcamell.cat\/inici\/actes\/xumet-al-camell\/xumet4\/\" class=\"wp-image-1300\" srcset=\"http:\/\/www.amicsdelcamell.cat\/wp-content\/uploads\/2025\/02\/XUMET4-1024x683.jpg 1024w, http:\/\/www.amicsdelcamell.cat\/wp-content\/uploads\/2025\/02\/XUMET4-300x200.jpg 300w, http:\/\/www.amicsdelcamell.cat\/wp-content\/uploads\/2025\/02\/XUMET4-768x512.jpg 768w, http:\/\/www.amicsdelcamell.cat\/wp-content\/uploads\/2025\/02\/XUMET4-1536x1024.jpg 1536w, http:\/\/www.amicsdelcamell.cat\/wp-content\/uploads\/2025\/02\/XUMET4-2048x1365.jpg 2048w, http:\/\/www.amicsdelcamell.cat\/wp-content\/uploads\/2025\/02\/XUMET4-1200x800.jpg 1200w\" sizes=\"(max-width: 709px) 85vw, (max-width: 909px) 67vw, (max-width: 1362px) 62vw, 840px\" \/><\/figure><\/li><\/ul><figcaption class=\"blocks-gallery-caption\">Imatges d&#8217;H\u00e9ctor Hern\u00e1ndez al Xumet 2021 i 2024<\/figcaption><\/figure>\n\n\n\n<p>La jornada t\u00e9 un objectiu molt especial: <strong>acostar el Camell als m\u00e9s petits<\/strong> des d\u2019una perspectiva m\u00e9s amable i festiva.<\/p>\n\n\n\n<p>Quan l\u2019activitat s\u2019acaba, el Camell torna al cau carregat de xumets i ple d\u2019energia per al Correcuita!<\/p>\n\n\n\n<div style=\"clear: both; width: 100%; height: 20px;\">&nbsp;<\/div>\n\n\n\n<div class=\"wp-block-image\"><figure class=\"aligncenter\"><img loading=\"lazy\" width=\"1320\" height=\"53\" src=\"http:\/\/www.amicsdelcamell.cat\/wp-content\/uploads\/2016\/07\/traca2.png\" alt=\"traca2\" class=\"wp-image-307\" srcset=\"http:\/\/www.amicsdelcamell.cat\/wp-content\/uploads\/2016\/07\/traca2.png 1320w, http:\/\/www.amicsdelcamell.cat\/wp-content\/uploads\/2016\/07\/traca2-300x12.png 300w, http:\/\/www.amicsdelcamell.cat\/wp-content\/uploads\/2016\/07\/traca2-768x31.png 768w, http:\/\/www.amicsdelcamell.cat\/wp-content\/uploads\/2016\/07\/traca2-1024x41.png 1024w, http:\/\/www.amicsdelcamell.cat\/wp-content\/uploads\/2016\/07\/traca2-1200x48.png 1200w\" sizes=\"(max-width: 709px) 85vw, (max-width: 909px) 67vw, (max-width: 1362px) 62vw, 840px\" \/><\/figure><\/div>\n","protected":false},"excerpt":{"rendered":"<p>El mateix dissabte de Festa Major al mat\u00ed, el Camell s\u2019acosta a la pla\u00e7a de la Llibertat per rebre tots els nens i nenes de la Vila que ja s\u2019han fet grans i volen deixar-li el xumet per demostrar-ho. A canvi del xumet, el Camell els regala un petit obsequi i un diploma que certifica &hellip; <a href=\"http:\/\/www.amicsdelcamell.cat\/inici\/actes\/xumet-al-camell\/\" class=\"more-link\">Continua llegint <span class=\"screen-reader-text\">\u00abDona el Xumet al Camell\u00bb<\/span><\/a><\/p>\n","protected":false},"author":1,"featured_media":0,"parent":16,"menu_order":2,"comment_status":"closed","ping_status":"closed","template":"","meta":[],"_links":{"self":[{"href":"http:\/\/www.amicsdelcamell.cat\/inici\/wp-json\/wp\/v2\/pages\/66"}],"collection":[{"href":"http:\/\/www.amicsdelcamell.cat\/inici\/wp-json\/wp\/v2\/pages"}],"about":[{"href":"http:\/\/www.amicsdelcamell.cat\/inici\/wp-json\/wp\/v2\/types\/page"}],"author":[{"embeddable":true,"href":"http:\/\/www.amicsdelcamell.cat\/inici\/wp-json\/wp\/v2\/users\/1"}],"replies":[{"embeddable":true,"href":"http:\/\/www.amicsdelcamell.cat\/inici\/wp-json\/wp\/v2\/comments?post=66"}],"version-history":[{"count":10,"href":"http:\/\/www.amicsdelcamell.cat\/inici\/wp-json\/wp\/v2\/pages\/66\/revisions"}],"predecessor-version":[{"id":1301,"href":"http:\/\/www.amicsdelcamell.cat\/inici\/wp-json\/wp\/v2\/pages\/66\/revisions\/1301"}],"up":[{"embeddable":true,"href":"http:\/\/www.amicsdelcamell.cat\/inici\/wp-json\/wp\/v2\/pages\/16"}],"wp:attachment":[{"href":"http:\/\/www.amicsdelcamell.cat\/inici\/wp-json\/wp\/v2\/media?parent=66"}],"curies":[{"name":"wp","href":"https:\/\/api.w.org\/{rel}","templated":true}]}}