{"id":58,"date":"2016-07-29T16:10:28","date_gmt":"2016-07-29T16:10:28","guid":{"rendered":"http:\/\/www.amicsdelcamell.cat\/?page_id=58"},"modified":"2025-02-21T16:14:01","modified_gmt":"2025-02-21T16:14:01","slug":"recuperacio","status":"publish","type":"page","link":"http:\/\/www.amicsdelcamell.cat\/inici\/labestia\/recuperacio\/","title":{"rendered":"Hist\u00f2ria d&#8217;una Recuperaci\u00f3"},"content":{"rendered":"\n<p>L\u2019any <strong>1979<\/strong>, durant el primer preg\u00f3 de la democr\u00e0cia despr\u00e9s de la dictadura franquista, <strong>els tres pregoners<\/strong> \u2014<strong>Jaume Romeu<\/strong>, <strong>Josep Llu\u00eds Revenga<\/strong> i <strong>Miquel Rius<\/strong>\u2014 <strong>van recuperar la mem\u00f2ria del Camell i van proposar-ne la reconstrucci\u00f3<\/strong>, encenent la guspira d\u2019una tradici\u00f3 que havia quedat en l\u2019oblit.<\/p>\n\n\n\n<figure class=\"wp-block-image size-large\"><img loading=\"lazy\" width=\"1024\" height=\"614\" src=\"http:\/\/www.amicsdelcamell.cat\/wp-content\/uploads\/2021\/11\/0003-1024x614.jpg\" alt=\"\" class=\"wp-image-532\" srcset=\"http:\/\/www.amicsdelcamell.cat\/wp-content\/uploads\/2021\/11\/0003-1024x614.jpg 1024w, http:\/\/www.amicsdelcamell.cat\/wp-content\/uploads\/2021\/11\/0003-300x180.jpg 300w, http:\/\/www.amicsdelcamell.cat\/wp-content\/uploads\/2021\/11\/0003-768x460.jpg 768w, http:\/\/www.amicsdelcamell.cat\/wp-content\/uploads\/2021\/11\/0003-1200x720.jpg 1200w, http:\/\/www.amicsdelcamell.cat\/wp-content\/uploads\/2021\/11\/0003.jpg 1476w\" sizes=\"(max-width: 709px) 85vw, (max-width: 909px) 67vw, (max-width: 1362px) 62vw, 840px\" \/><figcaption>Imatge del preg\u00f3 del 1979 amb els tres pregoners<\/figcaption><\/figure>\n\n\n\n<p>Dos anys despr\u00e9s, un petit grup es va reunir a <strong>La Peni<\/strong> per convertir aquella proposta en realitat. El grup fundador estava format per la <strong>N\u00faria Ar\u00fas<\/strong>, l\u2019<strong>Anna Par\u00e9s<\/strong>, en <strong>Pere Rod\u00f3n<\/strong> i l\u2019<strong>Eduard Segura<\/strong>.<\/p>\n\n\n\n<p>A poc a poc, el grup inicial es va anar ampliant i es van crear diverses comissions per abordar tots els aspectes necessaris: <strong>la recerca hist\u00f2rica<\/strong> als arxius municipals i privats, la <strong>construcci\u00f3 de la b\u00e8stia<\/strong>, la <strong>gesti\u00f3 econ\u00f2mica<\/strong>, les <strong>relacions amb l\u2019Ajuntament<\/strong>, el <strong>disseny dels vestuaris<\/strong> i la gesti\u00f3 de materials i compres.<\/p>\n\n\n\n<figure class=\"wp-block-image size-large\"><img loading=\"lazy\" width=\"1024\" height=\"1024\" src=\"http:\/\/www.amicsdelcamell.cat\/wp-content\/uploads\/2021\/11\/construccio-1024x1024.jpg\" alt=\"\" class=\"wp-image-533\" srcset=\"http:\/\/www.amicsdelcamell.cat\/wp-content\/uploads\/2021\/11\/construccio-1024x1024.jpg 1024w, http:\/\/www.amicsdelcamell.cat\/wp-content\/uploads\/2021\/11\/construccio-300x300.jpg 300w, http:\/\/www.amicsdelcamell.cat\/wp-content\/uploads\/2021\/11\/construccio-150x150.jpg 150w, http:\/\/www.amicsdelcamell.cat\/wp-content\/uploads\/2021\/11\/construccio-768x768.jpg 768w, http:\/\/www.amicsdelcamell.cat\/wp-content\/uploads\/2021\/11\/construccio-1200x1200.jpg 1200w, http:\/\/www.amicsdelcamell.cat\/wp-content\/uploads\/2021\/11\/construccio.jpg 1230w\" sizes=\"(max-width: 709px) 85vw, (max-width: 909px) 67vw, (max-width: 1362px) 62vw, 840px\" \/><figcaption>Imatge de la construcci\u00f3 del Camell l&#8217;any 1981 &#8211;  Imatge d&#8217;arxiu Amics del Camell <\/figcaption><\/figure>\n\n\n\n<p>La <strong>recuperaci\u00f3 del Camell<\/strong> havia comen\u00e7at! I tot i que es va adaptar als materials i exig\u00e8ncies del moment, es va mantenir l\u2019esperit original de la b\u00e8stia.<\/p>\n\n\n\n<p>El dia <strong>26 de setembre de 1981, a les 7 de la tarda<\/strong>, el Camell va sortir al carrer per primera vegada des del seu oblit. Ho va fer pel <strong>carrer\u00f3 del Camell<\/strong> (<em>Enric Granados<\/em>), irrompent en una <strong>pla\u00e7a de la Vila plena de gom a gom<\/strong>, entre espurnes i aplaudiments, iniciant aix\u00ed una nova etapa en la hist\u00f2ria d\u2019aquesta emblem\u00e0tica b\u00e8stia de foc.<\/p>\n\n\n\n<div class=\"wp-block-image\"><figure class=\"aligncenter\"><img loading=\"lazy\" width=\"840\" height=\"948\" src=\"http:\/\/www.amicsdelcamell.cat\/wp-content\/uploads\/2016\/07\/Xcamell.jpg\" alt=\"Xcamell\" class=\"wp-image-245\" srcset=\"http:\/\/www.amicsdelcamell.cat\/wp-content\/uploads\/2016\/07\/Xcamell.jpg 840w, http:\/\/www.amicsdelcamell.cat\/wp-content\/uploads\/2016\/07\/Xcamell-266x300.jpg 266w, http:\/\/www.amicsdelcamell.cat\/wp-content\/uploads\/2016\/07\/Xcamell-768x867.jpg 768w\" sizes=\"(max-width: 709px) 85vw, (max-width: 909px) 67vw, (max-width: 1362px) 62vw, 840px\" \/><figcaption>Camellaires davant de la b\u00e8stia abans de la sortida &#8211; Imatge d&#8217;arxiu Amics del Camell <\/figcaption><\/figure><\/div>\n\n\n\n<div style=\"clear: both; width: 100%; height: 20px;\">&nbsp;<\/div>\n\n\n\n<div class=\"wp-block-image\"><figure class=\"aligncenter\"><img loading=\"lazy\" width=\"1320\" height=\"53\" src=\"http:\/\/www.amicsdelcamell.cat\/wp-content\/uploads\/2016\/07\/traca2.png\" alt=\"traca2\" class=\"wp-image-307\" srcset=\"http:\/\/www.amicsdelcamell.cat\/wp-content\/uploads\/2016\/07\/traca2.png 1320w, http:\/\/www.amicsdelcamell.cat\/wp-content\/uploads\/2016\/07\/traca2-300x12.png 300w, http:\/\/www.amicsdelcamell.cat\/wp-content\/uploads\/2016\/07\/traca2-768x31.png 768w, http:\/\/www.amicsdelcamell.cat\/wp-content\/uploads\/2016\/07\/traca2-1024x41.png 1024w, http:\/\/www.amicsdelcamell.cat\/wp-content\/uploads\/2016\/07\/traca2-1200x48.png 1200w\" sizes=\"(max-width: 709px) 85vw, (max-width: 909px) 67vw, (max-width: 1362px) 62vw, 840px\" \/><\/figure><\/div>\n","protected":false},"excerpt":{"rendered":"<p>L\u2019any 1979, durant el primer preg\u00f3 de la democr\u00e0cia despr\u00e9s de la dictadura franquista, els tres pregoners \u2014Jaume Romeu, Josep Llu\u00eds Revenga i Miquel Rius\u2014 van recuperar la mem\u00f2ria del Camell i van proposar-ne la reconstrucci\u00f3, encenent la guspira d\u2019una tradici\u00f3 que havia quedat en l\u2019oblit. Dos anys despr\u00e9s, un petit grup es va reunir &hellip; <a href=\"http:\/\/www.amicsdelcamell.cat\/inici\/labestia\/recuperacio\/\" class=\"more-link\">Continua llegint <span class=\"screen-reader-text\">\u00abHist\u00f2ria d&#8217;una Recuperaci\u00f3\u00bb<\/span><\/a><\/p>\n","protected":false},"author":1,"featured_media":0,"parent":14,"menu_order":3,"comment_status":"closed","ping_status":"closed","template":"","meta":[],"_links":{"self":[{"href":"http:\/\/www.amicsdelcamell.cat\/inici\/wp-json\/wp\/v2\/pages\/58"}],"collection":[{"href":"http:\/\/www.amicsdelcamell.cat\/inici\/wp-json\/wp\/v2\/pages"}],"about":[{"href":"http:\/\/www.amicsdelcamell.cat\/inici\/wp-json\/wp\/v2\/types\/page"}],"author":[{"embeddable":true,"href":"http:\/\/www.amicsdelcamell.cat\/inici\/wp-json\/wp\/v2\/users\/1"}],"replies":[{"embeddable":true,"href":"http:\/\/www.amicsdelcamell.cat\/inici\/wp-json\/wp\/v2\/comments?post=58"}],"version-history":[{"count":9,"href":"http:\/\/www.amicsdelcamell.cat\/inici\/wp-json\/wp\/v2\/pages\/58\/revisions"}],"predecessor-version":[{"id":1287,"href":"http:\/\/www.amicsdelcamell.cat\/inici\/wp-json\/wp\/v2\/pages\/58\/revisions\/1287"}],"up":[{"embeddable":true,"href":"http:\/\/www.amicsdelcamell.cat\/inici\/wp-json\/wp\/v2\/pages\/14"}],"wp:attachment":[{"href":"http:\/\/www.amicsdelcamell.cat\/inici\/wp-json\/wp\/v2\/media?parent=58"}],"curies":[{"name":"wp","href":"https:\/\/api.w.org\/{rel}","templated":true}]}}