{"id":54,"date":"2016-07-29T16:05:12","date_gmt":"2016-07-29T16:05:12","guid":{"rendered":"http:\/\/www.amicsdelcamell.cat\/?page_id=54"},"modified":"2025-02-21T16:09:40","modified_gmt":"2025-02-21T16:09:40","slug":"origens","status":"publish","type":"page","link":"http:\/\/www.amicsdelcamell.cat\/inici\/labestia\/origens\/","title":{"rendered":"Or\u00edgens de la b\u00e8stia"},"content":{"rendered":"\n<p>El Camell i el Ball del Camell \u00e9s una tradici\u00f3 carnavalesca de Molins de Rei dEl <strong>Camell<\/strong> i el seu emblem\u00e0tic <strong>Ball del Camell<\/strong> s\u00f3n tradicions carnavalesques de <strong>Molins de Rei<\/strong> documentades des del segle XVIII, tot i que, per les seves caracter\u00edstiques, podrien tenir or\u00edgens molt m\u00e9s antics.<\/p>\n\n\n\n<p>Tot i la dificultat d&#8217;establir amb precisi\u00f3 els or\u00edgens de la b\u00e8stia, s&#8217;han trobat documents que la mencionen. <strong>El <meta charset=\"utf-8\"><b><span style=\"color:#ff8000\" class=\"has-inline-color\">primer testimoni documentat<\/span> <\/b>data del 28 de febrer de 1897<\/strong>, en un article publicat al setmanari local <meta charset=\"utf-8\"> <a rel=\"noreferrer noopener\" href=\"https:\/\/xacpremsa.cultura.gencat.cat\/pandora\/viewer.vm?id=0000475423&amp;page=1&amp;search=&amp;lang=ca&amp;view=premsa\" data-type=\"URL\" data-id=\"https:\/\/xacpremsa.cultura.gencat.cat\/pandora\/viewer.vm?id=0000475423&amp;page=1&amp;search=&amp;lang=ca&amp;view=premsa\" target=\"_blank\">El Eco del Llobregat<\/a>.<\/p>\n\n\n\n<div class=\"wp-block-image\"><figure class=\"aligncenter\"><a href=\"https:\/\/xacpremsa.cultura.gencat.cat\/pandora\/viewer.vm?id=0000475423&amp;page=1&amp;search=&amp;lang=ca&amp;view=premsa\" target=\"_blank\" rel=\"noopener\"><img loading=\"lazy\" width=\"840\" height=\"394\" src=\"http:\/\/www.amicsdelcamell.cat\/wp-content\/uploads\/2016\/07\/ECO-LLOBREGAT.jpg\" alt=\"ECO-LLOBREGAT\" class=\"wp-image-239\" srcset=\"http:\/\/www.amicsdelcamell.cat\/wp-content\/uploads\/2016\/07\/ECO-LLOBREGAT.jpg 840w, http:\/\/www.amicsdelcamell.cat\/wp-content\/uploads\/2016\/07\/ECO-LLOBREGAT-300x141.jpg 300w, http:\/\/www.amicsdelcamell.cat\/wp-content\/uploads\/2016\/07\/ECO-LLOBREGAT-768x360.jpg 768w\" sizes=\"(max-width: 709px) 85vw, (max-width: 909px) 67vw, (max-width: 1362px) 62vw, 840px\" \/><\/a><figcaption>El Eco del Llobregat &#8211;  Imatge d&#8217;arxiu Amics del Camell <\/figcaption><\/figure><\/div>\n\n\n\n<p>En aquest article, signat per <strong>R.G. i R.<\/strong> (probablement <strong>Ricard Ginebreda<\/strong>) i titulat <em>\u201cLo carnaval del meu poble y la plassa del camell\u201d<\/em>, es detalla com, cada any, es constru\u00efa el Camell cercant per les vores del riu un cap de matxo sencer, que despr\u00e9s es col\u00b7locava en un carro. La b\u00e8stia es distingia per tenir <span style=\"color:#ff8000\" class=\"has-inline-color\"><strong>dues taronges als ulls<\/strong> <\/span>i unes mand\u00edbules m\u00f2bils que s\u2019obrien i tancaven gr\u00e0cies a un mecanisme accionat pels dos homes que hi havia dins.<\/p>\n\n\n\n<p>La irrupci\u00f3 del Camell al <strong>Ball de Carnaval<\/strong> generava corredisses i xiscles entre el p\u00fablic, convertint-se en un espectacle molt esperat. Aquesta popularitat va ser tal que la mateixa <strong>Pla\u00e7a de la Vila<\/strong> era coneguda com la <strong>Pla\u00e7a del Camell<\/strong>.<\/p>\n\n\n\n<p>Tot i descon\u00e8ixer la data exacta en qu\u00e8 aquesta tradici\u00f3 es va perdre, es creu que va desapar\u00e8ixer a finals del segle XIX. Cal recordar que el <strong>Carnaval<\/strong> va ser durant molts anys una festa prohibida o fortament restringida, fet que podria haver-ne causat la desaparici\u00f3.<\/p>\n\n\n\n<p>El <strong>Camell<\/strong> es va recuperar i reinterpretar com a <strong>b\u00e8stia de foc<\/strong> l\u2019any <strong>1981<\/strong>, coincidint amb el retorn de la democr\u00e0cia i l\u2019esclat de l\u2019associacionisme cultural. Curiosament, la seva reaparici\u00f3 no va tenir lloc per Carnaval, sin\u00f3 durant la <strong>Festa Major de Sant Miquel<\/strong>, consolidant la seva pres\u00e8ncia en actes com el <strong>Correcuita<\/strong> i el <strong>Sarau d\u2019Espurnes<\/strong> del dissabte de Festa Major, i les <strong>Matines<\/strong> del dia de Sant Miquel.<\/p>\n\n\n\n<p>Aquesta recuperaci\u00f3 ha donat lloc al popular <a href=\"http:\/\/www.amicsdelcamell.cat\/balldelcamell\/\"><strong>Ball del Camell<\/strong><\/a>, que se celebra a la <strong>Pla\u00e7a de la Vila<\/strong> des del <strong>1982<\/strong>, mantenint viva una de les tradicions m\u00e9s ic\u00f2niques de Molins de Rei.<\/p>\n\n\n\n<figure class=\"wp-block-embed is-type-video is-provider-youtube wp-block-embed-youtube wp-embed-aspect-16-9 wp-has-aspect-ratio\"><div class=\"wp-block-embed__wrapper\">\n<iframe loading=\"lazy\" title=\"Cap\u00edtol 8: El Ball del Camell\" width=\"840\" height=\"473\" src=\"https:\/\/www.youtube.com\/embed\/pbpF7QksUso?start=636&#038;feature=oembed\" frameborder=\"0\" allow=\"accelerometer; autoplay; clipboard-write; encrypted-media; gyroscope; picture-in-picture; web-share\" referrerpolicy=\"strict-origin-when-cross-origin\" allowfullscreen><\/iframe>\n<\/div><figcaption>V\u00eddeo gravat durant el Carnaval 2021 (Covid Edition)<\/figcaption><\/figure>\n\n\n\n<div style=\"clear: both; width: 100%; height: 20px;\">&nbsp;<\/div>\n\n\n\n<div class=\"wp-block-image\"><figure class=\"aligncenter\"><img loading=\"lazy\" width=\"1320\" height=\"53\" src=\"http:\/\/www.amicsdelcamell.cat\/wp-content\/uploads\/2016\/07\/traca2.png\" alt=\"traca2\" class=\"wp-image-307\" srcset=\"http:\/\/www.amicsdelcamell.cat\/wp-content\/uploads\/2016\/07\/traca2.png 1320w, http:\/\/www.amicsdelcamell.cat\/wp-content\/uploads\/2016\/07\/traca2-300x12.png 300w, http:\/\/www.amicsdelcamell.cat\/wp-content\/uploads\/2016\/07\/traca2-768x31.png 768w, http:\/\/www.amicsdelcamell.cat\/wp-content\/uploads\/2016\/07\/traca2-1024x41.png 1024w, http:\/\/www.amicsdelcamell.cat\/wp-content\/uploads\/2016\/07\/traca2-1200x48.png 1200w\" sizes=\"(max-width: 709px) 85vw, (max-width: 909px) 67vw, (max-width: 1362px) 62vw, 840px\" \/><\/figure><\/div>\n","protected":false},"excerpt":{"rendered":"<p>El Camell i el Ball del Camell \u00e9s una tradici\u00f3 carnavalesca de Molins de Rei dEl Camell i el seu emblem\u00e0tic Ball del Camell s\u00f3n tradicions carnavalesques de Molins de Rei documentades des del segle XVIII, tot i que, per les seves caracter\u00edstiques, podrien tenir or\u00edgens molt m\u00e9s antics. Tot i la dificultat d&#8217;establir amb &hellip; <a href=\"http:\/\/www.amicsdelcamell.cat\/inici\/labestia\/origens\/\" class=\"more-link\">Continua llegint <span class=\"screen-reader-text\">\u00abOr\u00edgens de la b\u00e8stia\u00bb<\/span><\/a><\/p>\n","protected":false},"author":1,"featured_media":0,"parent":14,"menu_order":1,"comment_status":"closed","ping_status":"closed","template":"","meta":[],"_links":{"self":[{"href":"http:\/\/www.amicsdelcamell.cat\/inici\/wp-json\/wp\/v2\/pages\/54"}],"collection":[{"href":"http:\/\/www.amicsdelcamell.cat\/inici\/wp-json\/wp\/v2\/pages"}],"about":[{"href":"http:\/\/www.amicsdelcamell.cat\/inici\/wp-json\/wp\/v2\/types\/page"}],"author":[{"embeddable":true,"href":"http:\/\/www.amicsdelcamell.cat\/inici\/wp-json\/wp\/v2\/users\/1"}],"replies":[{"embeddable":true,"href":"http:\/\/www.amicsdelcamell.cat\/inici\/wp-json\/wp\/v2\/comments?post=54"}],"version-history":[{"count":14,"href":"http:\/\/www.amicsdelcamell.cat\/inici\/wp-json\/wp\/v2\/pages\/54\/revisions"}],"predecessor-version":[{"id":1284,"href":"http:\/\/www.amicsdelcamell.cat\/inici\/wp-json\/wp\/v2\/pages\/54\/revisions\/1284"}],"up":[{"embeddable":true,"href":"http:\/\/www.amicsdelcamell.cat\/inici\/wp-json\/wp\/v2\/pages\/14"}],"wp:attachment":[{"href":"http:\/\/www.amicsdelcamell.cat\/inici\/wp-json\/wp\/v2\/media?parent=54"}],"curies":[{"name":"wp","href":"https:\/\/api.w.org\/{rel}","templated":true}]}}