{"id":40,"date":"2016-07-29T15:56:26","date_gmt":"2016-07-29T15:56:26","guid":{"rendered":"http:\/\/www.amicsdelcamell.cat\/?page_id=40"},"modified":"2025-02-21T09:34:53","modified_gmt":"2025-02-21T09:34:53","slug":"junta","status":"publish","type":"page","link":"http:\/\/www.amicsdelcamell.cat\/inici\/entitat\/junta\/","title":{"rendered":"Junta"},"content":{"rendered":"\n<div class=\"wp-block-image\"><figure class=\"alignleft is-resized\"><img loading=\"lazy\" src=\"http:\/\/www.amicsdelcamell.cat\/wp-content\/uploads\/2016\/07\/JUNTA.jpg\" alt=\"JUNTA\" class=\"wp-image-345\" width=\"200\" height=\"200\" srcset=\"http:\/\/www.amicsdelcamell.cat\/wp-content\/uploads\/2016\/07\/JUNTA.jpg 640w, http:\/\/www.amicsdelcamell.cat\/wp-content\/uploads\/2016\/07\/JUNTA-150x150.jpg 150w, http:\/\/www.amicsdelcamell.cat\/wp-content\/uploads\/2016\/07\/JUNTA-300x300.jpg 300w\" sizes=\"(max-width: 200px) 85vw, 200px\" \/><figcaption>Imatge d&#8217;arxiu Amics del Camell<\/figcaption><\/figure><\/div>\n\n\n\n<p>La Junta est\u00e0 formada per un<strong><span style=\"color:#ff8000\" class=\"has-inline-color\"> grup de camellaires, escollits per l&#8217;Assemblea General<\/span><\/strong> de l&#8217;entitat, que s\u2019encarreguen de coordinar i organitzar totes les activitats relacionades amb la b\u00e8stia.<\/p>\n\n\n\n<p>Les reunions de la Junta s\u00f3n obertes a tots els membres de l\u2019entitat, fomentant la participaci\u00f3 i la transpar\u00e8ncia. Qualsevol camellaire major d\u2019edat t\u00e9 dret a optar a un c\u00e0rrec de responsabilitat dins l\u2019organitzaci\u00f3.<\/p>\n\n\n\n<p>L\u2019equip de la Junta Directiva es renova peri\u00f2dicament cada quatre anys. Tot i aix\u00f2, els seus membres poden ser reelegits si compten amb el suport de l\u2019Assemblea General.<\/p>\n\n\n\n<p>La junta actual (2021-2024) est\u00e0 formada per:<\/p>\n\n\n\n<ul><li><strong><span style=\"color:#ff8000\" class=\"has-inline-color\">Presid\u00e8ncia<\/span><\/strong>: Gal\u00b7la Ripoll<\/li><li><strong><span style=\"color:#ff8000\" class=\"has-inline-color\">Secretaria<\/span><\/strong>: Jaume Mart\u00ed<\/li><li><strong><span style=\"color:#ff8000\" class=\"has-inline-color\">Tresoreria<\/span><\/strong>: Marcel Puig<\/li><li><strong><span style=\"color:#ff8000\" class=\"has-inline-color\">Caps de Diables<\/span><\/strong>: Mart\u00ed Azcunce i Marta Busquet<\/li><li><strong><span style=\"color:#ff8000\" class=\"has-inline-color\">Caps de Portadors<\/span><\/strong>: Agust\u00ed Carod i \u00c0lex Gonz\u00e1lez<\/li><li><strong><span style=\"color:#ff8000\" class=\"has-inline-color\">Caps de Timbalers<\/span><\/strong>: Albert M\u00e9ndez i Mikel Agudo<\/li><li><span style=\"color:#ff8000\" class=\"has-inline-color\"><strong>Petit Camell<\/strong><\/span>: Jaume P\u00e9rez (portaveu)<\/li><\/ul>\n\n\n\n<div style=\"clear: both; width: 100%; height: 20px;\">&nbsp;<\/div>\n\n\n\n<div class=\"wp-block-image\"><figure class=\"aligncenter\"><img loading=\"lazy\" width=\"1320\" height=\"53\" src=\"http:\/\/www.amicsdelcamell.cat\/wp-content\/uploads\/2016\/07\/traca2.png\" alt=\"traca2\" class=\"wp-image-307\" srcset=\"http:\/\/www.amicsdelcamell.cat\/wp-content\/uploads\/2016\/07\/traca2.png 1320w, http:\/\/www.amicsdelcamell.cat\/wp-content\/uploads\/2016\/07\/traca2-300x12.png 300w, http:\/\/www.amicsdelcamell.cat\/wp-content\/uploads\/2016\/07\/traca2-768x31.png 768w, http:\/\/www.amicsdelcamell.cat\/wp-content\/uploads\/2016\/07\/traca2-1024x41.png 1024w, http:\/\/www.amicsdelcamell.cat\/wp-content\/uploads\/2016\/07\/traca2-1200x48.png 1200w\" sizes=\"(max-width: 709px) 85vw, (max-width: 909px) 67vw, (max-width: 1362px) 62vw, 840px\" \/><\/figure><\/div>\n","protected":false},"excerpt":{"rendered":"<p>La Junta est\u00e0 formada per un grup de camellaires, escollits per l&#8217;Assemblea General de l&#8217;entitat, que s\u2019encarreguen de coordinar i organitzar totes les activitats relacionades amb la b\u00e8stia. Les reunions de la Junta s\u00f3n obertes a tots els membres de l\u2019entitat, fomentant la participaci\u00f3 i la transpar\u00e8ncia. Qualsevol camellaire major d\u2019edat t\u00e9 dret a optar &hellip; <a href=\"http:\/\/www.amicsdelcamell.cat\/inici\/entitat\/junta\/\" class=\"more-link\">Continua llegint <span class=\"screen-reader-text\">\u00abJunta\u00bb<\/span><\/a><\/p>\n","protected":false},"author":1,"featured_media":0,"parent":36,"menu_order":1,"comment_status":"closed","ping_status":"closed","template":"","meta":[],"_links":{"self":[{"href":"http:\/\/www.amicsdelcamell.cat\/inici\/wp-json\/wp\/v2\/pages\/40"}],"collection":[{"href":"http:\/\/www.amicsdelcamell.cat\/inici\/wp-json\/wp\/v2\/pages"}],"about":[{"href":"http:\/\/www.amicsdelcamell.cat\/inici\/wp-json\/wp\/v2\/types\/page"}],"author":[{"embeddable":true,"href":"http:\/\/www.amicsdelcamell.cat\/inici\/wp-json\/wp\/v2\/users\/1"}],"replies":[{"embeddable":true,"href":"http:\/\/www.amicsdelcamell.cat\/inici\/wp-json\/wp\/v2\/comments?post=40"}],"version-history":[{"count":18,"href":"http:\/\/www.amicsdelcamell.cat\/inici\/wp-json\/wp\/v2\/pages\/40\/revisions"}],"predecessor-version":[{"id":1266,"href":"http:\/\/www.amicsdelcamell.cat\/inici\/wp-json\/wp\/v2\/pages\/40\/revisions\/1266"}],"up":[{"embeddable":true,"href":"http:\/\/www.amicsdelcamell.cat\/inici\/wp-json\/wp\/v2\/pages\/36"}],"wp:attachment":[{"href":"http:\/\/www.amicsdelcamell.cat\/inici\/wp-json\/wp\/v2\/media?parent=40"}],"curies":[{"name":"wp","href":"https:\/\/api.w.org\/{rel}","templated":true}]}}