{"id":34,"date":"2016-07-29T15:48:01","date_gmt":"2016-07-29T15:48:01","guid":{"rendered":"http:\/\/www.amicsdelcamell.cat\/?page_id=34"},"modified":"2025-03-11T16:41:13","modified_gmt":"2025-03-11T16:41:13","slug":"recursosdidactics","status":"publish","type":"page","link":"http:\/\/www.amicsdelcamell.cat\/inici\/recursos-didactics\/recursosdidactics\/","title":{"rendered":"Recursos did\u00e0ctics"},"content":{"rendered":"\n<p>Els Amics del Camell <strong>posem a l&#8217;abast dels docents de Molins de Rei <span style=\"color:#ff8000\" class=\"has-inline-color\">diferents propostes educatives adaptades als diferents nivells d&#8217;ensenyament amb l&#8217;objectiu d&#8217;acostar als infants i joves de la vila les particularitats i caracter\u00edstiques de la nostra festa<\/span>, del Ball del Camell i dels seus or\u00edgens. <\/strong><\/p>\n\n\n\n<div class=\"wp-block-file\"><a href=\"https:\/\/www.amicsdelcamell.cat\/wp-content\/uploads\/2025\/03\/RecursosDida\u0300ctics_Camell.pdf\" target=\"_blank\" rel=\"noreferrer noopener\">RecursosDida\u0300ctics_Camell<\/a><a href=\"https:\/\/www.amicsdelcamell.cat\/wp-content\/uploads\/2025\/03\/RecursosDida\u0300ctics_Camell.pdf\" class=\"wp-block-file__button\" download>Baixa<\/a><\/div>\n\n\n\n<div class=\"wp-block-media-text alignwide is-stacked-on-mobile\" style=\"grid-template-columns:37% auto\"><figure class=\"wp-block-media-text__media\"><img loading=\"lazy\" width=\"836\" height=\"1024\" src=\"http:\/\/www.amicsdelcamell.cat\/wp-content\/uploads\/2021\/11\/esparriot-836x1024.png\" alt=\"\" class=\"wp-image-841 size-full\" srcset=\"http:\/\/www.amicsdelcamell.cat\/wp-content\/uploads\/2021\/11\/esparriot-836x1024.png 836w, http:\/\/www.amicsdelcamell.cat\/wp-content\/uploads\/2021\/11\/esparriot-245x300.png 245w, http:\/\/www.amicsdelcamell.cat\/wp-content\/uploads\/2021\/11\/esparriot-768x941.png 768w, http:\/\/www.amicsdelcamell.cat\/wp-content\/uploads\/2021\/11\/esparriot-1254x1536.png 1254w, http:\/\/www.amicsdelcamell.cat\/wp-content\/uploads\/2021\/11\/esparriot-1672x2048.png 1672w, http:\/\/www.amicsdelcamell.cat\/wp-content\/uploads\/2021\/11\/esparriot-1200x1470.png 1200w\" sizes=\"(max-width: 836px) 85vw, 836px\" \/><\/figure><div class=\"wp-block-media-text__content\">\n<p>Amb aquestes propostes, que us podeu descarregar de forma totalment gratu\u00efta, volem ajudar la comunitat educativa molinenca a dur a terme la dif\u00edcil tasca d&#8217;<strong><span style=\"color:#ff8000\" class=\"has-inline-color\">enriquir la nostra societat<\/span><\/strong> transmetent la cultura popular i tradicional com a part del nostre <strong><span style=\"color:#ff8000\" class=\"has-inline-color\">patrimoni col\u00b7lectiu<\/span><\/strong> promovent el respecte per la diversitat, la mem\u00f2ria col\u00b7lectiva, el voluntariat i la capacitat de l&#8217;esfor\u00e7.<\/p>\n<\/div><\/div>\n\n\n\n<hr class=\"wp-block-separator\"\/>\n\n\n\n<h2><span style=\"color:#ff8000\" class=\"has-inline-color\">Educaci\u00f3 Prim\u00e0ria<\/span><\/h2>\n\n\n\n<div class=\"wp-block-columns\">\n<div class=\"wp-block-column\">\n<h2>Cicle Superior<\/h2>\n<\/div>\n\n\n\n<div class=\"wp-block-column\">\n<h2>Cicle Mitj\u00e0<\/h2>\n<\/div>\n\n\n\n<div class=\"wp-block-column\">\n<h2>Cicle Inicial<\/h2>\n<\/div>\n<\/div>\n\n\n\n<div class=\"wp-block-columns\">\n<div class=\"wp-block-column\">\n<figure class=\"wp-block-image size-large\"><img loading=\"lazy\" width=\"724\" height=\"1024\" src=\"https:\/\/www.amicsdelcamell.cat\/wp-content\/uploads\/2025\/03\/PrimCS_ExpoCamell-724x1024.jpg\" alt=\"\" class=\"wp-image-1351\" srcset=\"http:\/\/www.amicsdelcamell.cat\/wp-content\/uploads\/2025\/03\/PrimCS_ExpoCamell-724x1024.jpg 724w, http:\/\/www.amicsdelcamell.cat\/wp-content\/uploads\/2025\/03\/PrimCS_ExpoCamell-212x300.jpg 212w, http:\/\/www.amicsdelcamell.cat\/wp-content\/uploads\/2025\/03\/PrimCS_ExpoCamell-768x1086.jpg 768w, http:\/\/www.amicsdelcamell.cat\/wp-content\/uploads\/2025\/03\/PrimCS_ExpoCamell-1086x1536.jpg 1086w, http:\/\/www.amicsdelcamell.cat\/wp-content\/uploads\/2025\/03\/PrimCS_ExpoCamell-1200x1697.jpg 1200w, http:\/\/www.amicsdelcamell.cat\/wp-content\/uploads\/2025\/03\/PrimCS_ExpoCamell.jpg 1414w\" sizes=\"(max-width: 724px) 85vw, 724px\" \/><\/figure>\n<\/div>\n\n\n\n<div class=\"wp-block-column\">\n<figure class=\"wp-block-image size-large\"><img loading=\"lazy\" width=\"724\" height=\"1024\" src=\"https:\/\/www.amicsdelcamell.cat\/wp-content\/uploads\/2025\/03\/PrimCM_CamellLlegenda-724x1024.jpg\" alt=\"\" class=\"wp-image-1352\" srcset=\"http:\/\/www.amicsdelcamell.cat\/wp-content\/uploads\/2025\/03\/PrimCM_CamellLlegenda-724x1024.jpg 724w, http:\/\/www.amicsdelcamell.cat\/wp-content\/uploads\/2025\/03\/PrimCM_CamellLlegenda-212x300.jpg 212w, http:\/\/www.amicsdelcamell.cat\/wp-content\/uploads\/2025\/03\/PrimCM_CamellLlegenda-768x1086.jpg 768w, http:\/\/www.amicsdelcamell.cat\/wp-content\/uploads\/2025\/03\/PrimCM_CamellLlegenda-1086x1536.jpg 1086w, http:\/\/www.amicsdelcamell.cat\/wp-content\/uploads\/2025\/03\/PrimCM_CamellLlegenda-1200x1697.jpg 1200w, http:\/\/www.amicsdelcamell.cat\/wp-content\/uploads\/2025\/03\/PrimCM_CamellLlegenda.jpg 1414w\" sizes=\"(max-width: 724px) 85vw, 724px\" \/><\/figure>\n<\/div>\n\n\n\n<div class=\"wp-block-column\">\n<figure class=\"wp-block-image size-large\"><img loading=\"lazy\" width=\"724\" height=\"1024\" src=\"https:\/\/www.amicsdelcamell.cat\/wp-content\/uploads\/2025\/03\/PrimCI_CamellFang-724x1024.jpg\" alt=\"\" class=\"wp-image-1353\" srcset=\"http:\/\/www.amicsdelcamell.cat\/wp-content\/uploads\/2025\/03\/PrimCI_CamellFang-724x1024.jpg 724w, http:\/\/www.amicsdelcamell.cat\/wp-content\/uploads\/2025\/03\/PrimCI_CamellFang-212x300.jpg 212w, http:\/\/www.amicsdelcamell.cat\/wp-content\/uploads\/2025\/03\/PrimCI_CamellFang-768x1086.jpg 768w, http:\/\/www.amicsdelcamell.cat\/wp-content\/uploads\/2025\/03\/PrimCI_CamellFang-1086x1536.jpg 1086w, http:\/\/www.amicsdelcamell.cat\/wp-content\/uploads\/2025\/03\/PrimCI_CamellFang-1200x1697.jpg 1200w, http:\/\/www.amicsdelcamell.cat\/wp-content\/uploads\/2025\/03\/PrimCI_CamellFang.jpg 1414w\" sizes=\"(max-width: 724px) 85vw, 724px\" \/><\/figure>\n<\/div>\n<\/div>\n\n\n\n<div class=\"wp-block-columns\">\n<div class=\"wp-block-column\">\n<div class=\"wp-block-file aligncenter\"><a href=\"http:\/\/www.amicsdelcamell.cat\/wp-content\/uploads\/2024\/04\/PrimCS_BalldelCamell.pdf\" target=\"_blank\" rel=\"noreferrer noopener\">PrimCS_BalldelCamell<\/a><a href=\"http:\/\/www.amicsdelcamell.cat\/wp-content\/uploads\/2024\/04\/PrimCS_BalldelCamell.pdf\" class=\"wp-block-file__button\" download>Baixa<\/a><\/div>\n<\/div>\n\n\n\n<div class=\"wp-block-column\">\n<div class=\"wp-block-file aligncenter\"><a href=\"http:\/\/www.amicsdelcamell.cat\/wp-content\/uploads\/2025\/03\/PrimCMCS_BalldelCamell.pdf\" target=\"_blank\" rel=\"noreferrer noopener\">PrimCMCS_BalldelCamell<\/a><a href=\"http:\/\/www.amicsdelcamell.cat\/wp-content\/uploads\/2025\/03\/PrimCMCS_BalldelCamell.pdf\" class=\"wp-block-file__button\" download>BAIXA<\/a><\/div>\n<\/div>\n\n\n\n<div class=\"wp-block-column\">\n<div class=\"wp-block-file aligncenter\"><a href=\"http:\/\/www.amicsdelcamell.cat\/wp-content\/uploads\/2025\/03\/PrimCI_CamellFang.pdf\" target=\"_blank\" rel=\"noreferrer noopener\">PrimCI_CamellFang<\/a><a href=\"http:\/\/www.amicsdelcamell.cat\/wp-content\/uploads\/2025\/03\/PrimCI_CamellFang.pdf\" class=\"wp-block-file__button\" download>Baixa<\/a><\/div>\n<\/div>\n<\/div>\n\n\n\n<h2><span style=\"color:#ff8000\" class=\"has-inline-color\">Educaci\u00f3 Infantil<\/span><\/h2>\n\n\n\n<div class=\"wp-block-columns\">\n<div class=\"wp-block-column\">\n<h2>Pintem el Camell (tamb\u00e9 per Cicle Inicial)<\/h2>\n<\/div>\n<\/div>\n\n\n\n<div class=\"wp-block-columns\">\n<div class=\"wp-block-column\">\n<figure class=\"wp-block-image size-large is-resized\"><img loading=\"lazy\" src=\"http:\/\/www.amicsdelcamell.cat\/wp-content\/uploads\/2025\/03\/InfantilPrimCI_PintemCamell-724x1024.jpg\" alt=\"\" class=\"wp-image-1354\" width=\"299\" height=\"421\"\/><\/figure>\n<\/div>\n\n\n\n<div class=\"wp-block-column\">\n<div class=\"wp-block-file\"><a href=\"http:\/\/www.amicsdelcamell.cat\/wp-content\/uploads\/2025\/03\/InfantilPrimCI_PintemCamell-1.pdf\" target=\"_blank\" rel=\"noreferrer noopener\">InfantilPrimCI_PintemCamell-1<\/a><a href=\"http:\/\/www.amicsdelcamell.cat\/wp-content\/uploads\/2025\/03\/InfantilPrimCI_PintemCamell-1.pdf\" class=\"wp-block-file__button\" download>Baixa<\/a><\/div>\n<\/div>\n<\/div>\n\n\n\n<hr class=\"wp-block-separator\"\/>\n\n\n\n<h2><span style=\"color:#ff8000\" class=\"has-inline-color\">Educaci\u00f3 Secund\u00e0ria Obligat\u00f2ria<\/span><\/h2>\n\n\n\n<div class=\"wp-block-columns\">\n<div class=\"wp-block-column\">\n<div class=\"wp-block-file\"><a href=\"http:\/\/www.amicsdelcamell.cat\/wp-content\/uploads\/2025\/03\/ESO_BalldelCamell.pdf\" target=\"_blank\" rel=\"noreferrer noopener\">ESO_BalldelCamell<\/a><a href=\"http:\/\/www.amicsdelcamell.cat\/wp-content\/uploads\/2025\/03\/ESO_BalldelCamell.pdf\" class=\"wp-block-file__button\" download>Baixa<\/a><\/div>\n<\/div>\n\n\n\n<div class=\"wp-block-column\">\n<figure class=\"wp-block-image size-large is-resized\"><img loading=\"lazy\" src=\"https:\/\/www.amicsdelcamell.cat\/wp-content\/uploads\/2025\/03\/ESO_BalldelCamell-724x1024.jpg\" alt=\"\" class=\"wp-image-1355\" width=\"299\" height=\"423\" srcset=\"http:\/\/www.amicsdelcamell.cat\/wp-content\/uploads\/2025\/03\/ESO_BalldelCamell-724x1024.jpg 724w, http:\/\/www.amicsdelcamell.cat\/wp-content\/uploads\/2025\/03\/ESO_BalldelCamell-212x300.jpg 212w, http:\/\/www.amicsdelcamell.cat\/wp-content\/uploads\/2025\/03\/ESO_BalldelCamell-768x1086.jpg 768w, http:\/\/www.amicsdelcamell.cat\/wp-content\/uploads\/2025\/03\/ESO_BalldelCamell-1086x1536.jpg 1086w, http:\/\/www.amicsdelcamell.cat\/wp-content\/uploads\/2025\/03\/ESO_BalldelCamell-1200x1697.jpg 1200w, http:\/\/www.amicsdelcamell.cat\/wp-content\/uploads\/2025\/03\/ESO_BalldelCamell.jpg 1414w\" sizes=\"(max-width: 299px) 85vw, 299px\" \/><\/figure>\n<\/div>\n<\/div>\n\n\n\n<div style=\"clear: both; width: 100%; height: 20px;\">&nbsp;<\/div>\n\n\n\n<p><\/p>\n","protected":false},"excerpt":{"rendered":"<p>Els Amics del Camell posem a l&#8217;abast dels docents de Molins de Rei diferents propostes educatives adaptades als diferents nivells d&#8217;ensenyament amb l&#8217;objectiu d&#8217;acostar als infants i joves de la vila les particularitats i caracter\u00edstiques de la nostra festa, del Ball del Camell i dels seus or\u00edgens. Amb aquestes propostes, que us podeu descarregar de &hellip; <a href=\"http:\/\/www.amicsdelcamell.cat\/inici\/recursos-didactics\/recursosdidactics\/\" class=\"more-link\">Continua llegint <span class=\"screen-reader-text\">\u00abRecursos did\u00e0ctics\u00bb<\/span><\/a><\/p>\n","protected":false},"author":1,"featured_media":0,"parent":1333,"menu_order":13,"comment_status":"closed","ping_status":"closed","template":"","meta":[],"_links":{"self":[{"href":"http:\/\/www.amicsdelcamell.cat\/inici\/wp-json\/wp\/v2\/pages\/34"}],"collection":[{"href":"http:\/\/www.amicsdelcamell.cat\/inici\/wp-json\/wp\/v2\/pages"}],"about":[{"href":"http:\/\/www.amicsdelcamell.cat\/inici\/wp-json\/wp\/v2\/types\/page"}],"author":[{"embeddable":true,"href":"http:\/\/www.amicsdelcamell.cat\/inici\/wp-json\/wp\/v2\/users\/1"}],"replies":[{"embeddable":true,"href":"http:\/\/www.amicsdelcamell.cat\/inici\/wp-json\/wp\/v2\/comments?post=34"}],"version-history":[{"count":33,"href":"http:\/\/www.amicsdelcamell.cat\/inici\/wp-json\/wp\/v2\/pages\/34\/revisions"}],"predecessor-version":[{"id":1359,"href":"http:\/\/www.amicsdelcamell.cat\/inici\/wp-json\/wp\/v2\/pages\/34\/revisions\/1359"}],"up":[{"embeddable":true,"href":"http:\/\/www.amicsdelcamell.cat\/inici\/wp-json\/wp\/v2\/pages\/1333"}],"wp:attachment":[{"href":"http:\/\/www.amicsdelcamell.cat\/inici\/wp-json\/wp\/v2\/media?parent=34"}],"curies":[{"name":"wp","href":"https:\/\/api.w.org\/{rel}","templated":true}]}}